{"id":2328,"date":"2022-02-20T13:30:36","date_gmt":"2022-02-20T12:30:36","guid":{"rendered":"https:\/\/www.ambacam.de\/fr\/?page_id=2328"},"modified":"2022-06-01T19:19:17","modified_gmt":"2022-06-01T17:19:17","slug":"les-institutions","status":"publish","type":"page","link":"https:\/\/www.ambacam.de\/fr\/les-institutions\/","title":{"rendered":"Les institutions"},"content":{"rendered":"\t\t<div data-elementor-type=\"wp-page\" data-elementor-id=\"2328\" class=\"elementor elementor-2328\">\n\t\t\t\t\t\t<section class=\"elementor-section elementor-top-section elementor-element elementor-element-1226eb5d elementor-section-boxed elementor-section-height-default elementor-section-height-default\" data-id=\"1226eb5d\" data-element_type=\"section\" data-e-type=\"section\">\n\t\t\t\t\t\t<div class=\"elementor-container elementor-column-gap-default\">\n\t\t\t\t\t<div class=\"elementor-column elementor-col-100 elementor-top-column elementor-element elementor-element-310c8810\" data-id=\"310c8810\" data-element_type=\"column\" data-e-type=\"column\">\n\t\t\t<div class=\"elementor-widget-wrap elementor-element-populated\">\n\t\t\t\t\t\t<div class=\"elementor-element elementor-element-2f8b8d4 elementor-widget elementor-widget-text-editor\" data-id=\"2f8b8d4\" data-element_type=\"widget\" data-e-type=\"widget\" data-widget_type=\"text-editor.default\">\n\t\t\t\t<div class=\"elementor-widget-container\">\n\t\t\t\t\t\t\t\t\t<blockquote class=\"wp-block-quote\">\n<h5 style=\"color: white;\"><b>LES INSTITUTIONS<\/b><\/h5>\n<\/blockquote>\t\t\t\t\t\t\t\t<\/div>\n\t\t\t\t<\/div>\n\t\t\t\t<div class=\"elementor-element elementor-element-7875df4 elementor-tabs-view-vertical elementor-widget elementor-widget-tabs\" data-id=\"7875df4\" data-element_type=\"widget\" data-e-type=\"widget\" data-settings=\"{&quot;_animation&quot;:&quot;none&quot;}\" data-widget_type=\"tabs.default\">\n\t\t\t\t<div class=\"elementor-widget-container\">\n\t\t\t\t\t\t\t<div class=\"elementor-tabs\">\n\t\t\t<div class=\"elementor-tabs-wrapper\" role=\"tablist\" >\n\t\t\t\t\t\t\t\t\t<div id=\"elementor-tab-title-1261\" class=\"elementor-tab-title elementor-tab-desktop-title\" aria-selected=\"true\" data-tab=\"1\" role=\"tab\" tabindex=\"0\" aria-controls=\"elementor-tab-content-1261\" aria-expanded=\"false\">Le Pr\u00e9sident de la R\u00e9publique<\/div>\n\t\t\t\t\t\t\t\t\t<div id=\"elementor-tab-title-1262\" class=\"elementor-tab-title elementor-tab-desktop-title\" aria-selected=\"false\" data-tab=\"2\" role=\"tab\" tabindex=\"-1\" aria-controls=\"elementor-tab-content-1262\" aria-expanded=\"false\">Le Parlement<\/div>\n\t\t\t\t\t\t\t\t\t<div id=\"elementor-tab-title-1263\" class=\"elementor-tab-title elementor-tab-desktop-title\" aria-selected=\"false\" data-tab=\"3\" role=\"tab\" tabindex=\"-1\" aria-controls=\"elementor-tab-content-1263\" aria-expanded=\"false\">Le Premier Ministre et le Gouvernement<\/div>\n\t\t\t\t\t\t\t\t\t<div id=\"elementor-tab-title-1264\" class=\"elementor-tab-title elementor-tab-desktop-title\" aria-selected=\"false\" data-tab=\"4\" role=\"tab\" tabindex=\"-1\" aria-controls=\"elementor-tab-content-1264\" aria-expanded=\"false\">Le Conseil Constitutionnel<\/div>\n\t\t\t\t\t\t\t\t\t<div id=\"elementor-tab-title-1265\" class=\"elementor-tab-title elementor-tab-desktop-title\" aria-selected=\"false\" data-tab=\"5\" role=\"tab\" tabindex=\"-1\" aria-controls=\"elementor-tab-content-1265\" aria-expanded=\"false\">Le Conseil Economique et Social<\/div>\n\t\t\t\t\t\t\t<\/div>\n\t\t\t<div class=\"elementor-tabs-content-wrapper\" role=\"tablist\" aria-orientation=\"vertical\">\n\t\t\t\t\t\t\t\t\t<div class=\"elementor-tab-title elementor-tab-mobile-title\" aria-selected=\"true\" data-tab=\"1\" role=\"tab\" tabindex=\"0\" aria-controls=\"elementor-tab-content-1261\" aria-expanded=\"false\">Le Pr\u00e9sident de la R\u00e9publique<\/div>\n\t\t\t\t\t<div id=\"elementor-tab-content-1261\" class=\"elementor-tab-content elementor-clearfix\" data-tab=\"1\" role=\"tabpanel\" aria-labelledby=\"elementor-tab-title-1261\" tabindex=\"0\" hidden=\"false\"><p>Le Pr\u00e9sident de la R\u00e9publique est la cl\u00e9 de vo\u00fbte du syst\u00e8me politique camerounais. Chef de l&rsquo;Etat, il incarne l&rsquo;unit\u00e9 nationale. La Constitution lui conf\u00e8re des pouvoirs tr\u00e8s importants: il d\u00e9finit la politique de la Nation, veille au respect de la Constitution, assure par son arbitrage le fonctionnement r\u00e9gulier des pouvoirs publics.<\/p><p>Il est le garant de l&rsquo;ind\u00e9pendance nationale, de l&rsquo;int\u00e9grit\u00e9 du territoire, de la permanence et de la continuit\u00e9 de l&rsquo;Etat, du respect des trait\u00e9s et accords internationaux (Article 5). La position centrale qu&rsquo;occupe le Pr\u00e9sident de la R\u00e9publique au sein des institutions camerounaises se fonde sur le fait qu&rsquo;il est l&rsquo;\u00e9lu de la Nation toute enti\u00e8re.<\/p><p>Conform\u00e9ment \u00e0 la Loi N\u00b02008\/001\/ du 14 avril 2008 modifiant et compl\u00e9tant certaines dispositions de la Loi N\u00b0 96\/06\/ du 18 janvier 1996 portant r\u00e9vision de la Constitution du 2 juin 1972, le Pr\u00e9sident de la R\u00e9publique du Cameroun est \u00e9lu pour un mandat de 7 ans. Il est r\u00e9\u00e9ligible. Le chef de l&rsquo;ex\u00e9cutif camerounais est \u00e9lu au suffrage universel direct \u00e0 un tour et \u00e0 la majorit\u00e9 des suffrages exprim\u00e9s.<\/p><p>L&rsquo;article 8 de la Constitution dispose que le Pr\u00e9sident de la R\u00e9publique repr\u00e9sente l&rsquo;Etat dans tous les actes de la vie publique. Il est le chef des Forces Arm\u00e9es. Il veille \u00e0 la s\u00e9curit\u00e9 int\u00e9rieure et ext\u00e9rieure du territoire national.<\/p><p>Il accr\u00e9dite les ambassadeurs, et les envoy\u00e9s extraordinaires des puissances \u00e9trang\u00e8res sont accr\u00e9dit\u00e9s aupr\u00e8s de lui. Il promulgue les lois. Il exerce le droit de gr\u00e2ce apr\u00e8s avis du Conseil Sup\u00e9rieur de la Magistrature. Il exerce le pouvoir r\u00e9glementaire. Le Pr\u00e9sident de la R\u00e9publique cr\u00e9e et organise les services publics de l&rsquo;Etat. Il nomme aux emplois civils et militaires, Il peut dissoudre l&rsquo;Assembl\u00e9e Nationale (article 8).<\/p><p>Le Pr\u00e9sident de la R\u00e9publique peut proclamer par d\u00e9cret l&rsquo;\u00e9tat d&rsquo;urgence qui lui conf\u00e8re des pouvoirs sp\u00e9ciaux. Il peut aussi par d\u00e9cret, proclamer l&rsquo;\u00e9tat d&rsquo;exception et prendre \u00e0 ce titre toutes les mesures qu&rsquo;il juge n\u00e9cessaires (Article 9).<\/p><p>Le Pr\u00e9sident de la R\u00e9publique nomme le Premier Ministre et, sur proposition de celui-ci, les autres membres du gouvernement.<\/p><p>Il fixe leurs attributions et met fin \u00e0 leurs fonctions.<\/p><\/div>\n\t\t\t\t\t\t\t\t\t<div class=\"elementor-tab-title elementor-tab-mobile-title\" aria-selected=\"false\" data-tab=\"2\" role=\"tab\" tabindex=\"-1\" aria-controls=\"elementor-tab-content-1262\" aria-expanded=\"false\">Le Parlement<\/div>\n\t\t\t\t\t<div id=\"elementor-tab-content-1262\" class=\"elementor-tab-content elementor-clearfix\" data-tab=\"2\" role=\"tabpanel\" aria-labelledby=\"elementor-tab-title-1262\" tabindex=\"0\" hidden=\"hidden\"><p>Le pouvoir l\u00e9gislatif institu\u00e9 par les textes de la Constitution camerounaise est exerc\u00e9e par le Parlement. Celui-ci comprend deux chambres:<\/p><ul><li>L&rsquo;Assembl\u00e9e Nationale dont les membres ont \u00e9t\u00e9 \u00e9lus le 22 juillet 2007<\/li><li>Le S\u00e9nat.<\/li><\/ul><p>Il s&rsquo;agit donc d&rsquo;un syst\u00e8me bicam\u00e9ral.<\/p><p>Dans ses dispositions transitoires et finales, la loi N\u00b0 96\/06 du 18 janvier 1996 portant r\u00e9vision de la constitution du 2 juin 1972 stipule que l&rsquo;Assembl\u00e9e nationale exerce la pl\u00e9nitude du pouvoir l\u00e9gislatif et jouit de l&rsquo;ensemble des pr\u00e9rogatives reconnues au Parlement jusqu&rsquo;\u00e0 la mise en place du S\u00e9nat. L&rsquo;Assembl\u00e9e Nationale compte 1 80 d\u00e9put\u00e9s tous \u00e9lus au suffrage universel direct et secret pour un mandat de cinq ans (5). Chaque ann\u00e9e, l&rsquo;Assembl\u00e9e Nationale tient trois sessions ordinaires d&rsquo;une dur\u00e9e maximum de trente (30) jours chacune (Article 15).<\/p><p>L&rsquo;article 19 de la Constitution dispose que l&rsquo;Assembl\u00e9e Nationale adopte les lois \u00e0 la majorit\u00e9 simple des d\u00e9put\u00e9s. L&rsquo;initiative des lois appartient au Pr\u00e9sident de la R\u00e9publique et au Parlement. L&rsquo;article 26 pr\u00e9cise le domaine de la loi, entre autres:<\/p><p>Les droits, garanties et obligations fondamentaux du citoyen;<\/p><p>Le statut de la personne et le r\u00e9gime des biens;<\/p><p>L&rsquo;organisation politique, administrative et judiciaire.<\/p><p>Les questions financi\u00e8res et patrimoniales portant notamment sur le r\u00e9gime d&rsquo;\u00e9mission de la monnaie, le budget, la cr\u00e9ation des imp\u00f4ts et taxes ainsi que les modalit\u00e9s; de recouvrement, le r\u00e9gime domanial, foncier et minier, le r\u00e9gime des ressources naturelles;<br \/>Le r\u00e9gime de l&rsquo;\u00e9ducation.<\/p><\/div>\n\t\t\t\t\t\t\t\t\t<div class=\"elementor-tab-title elementor-tab-mobile-title\" aria-selected=\"false\" data-tab=\"3\" role=\"tab\" tabindex=\"-1\" aria-controls=\"elementor-tab-content-1263\" aria-expanded=\"false\">Le Premier Ministre et le Gouvernement<\/div>\n\t\t\t\t\t<div id=\"elementor-tab-content-1263\" class=\"elementor-tab-content elementor-clearfix\" data-tab=\"3\" role=\"tabpanel\" aria-labelledby=\"elementor-tab-title-1263\" tabindex=\"0\" hidden=\"hidden\"><p>Le Premier Ministre est le Chef du Gouvernement dont il dirige l&rsquo;action. La Constitution le charge de l&rsquo;ex\u00e9cution des lois.<\/p><p>Il exerce le pouvoir r\u00e9glementaire, nomme aux emplois civils sous r\u00e9serve des pr\u00e9rogatives reconnues au Pr\u00e9sident de la R\u00e9publique dans ces domaines (Article 12).<\/p><p>Le Gouvernement met en \u0153uvre la politique de la Nation telle que d\u00e9finie par le Pr\u00e9sident de la R\u00e9publique. Il est responsable devant l&rsquo;Assembl\u00e9e Nationale (Article 11), l&rsquo;une des deux chambres du Parlement.<\/p><\/div>\n\t\t\t\t\t\t\t\t\t<div class=\"elementor-tab-title elementor-tab-mobile-title\" aria-selected=\"false\" data-tab=\"4\" role=\"tab\" tabindex=\"-1\" aria-controls=\"elementor-tab-content-1264\" aria-expanded=\"false\">Le Conseil Constitutionnel<\/div>\n\t\t\t\t\t<div id=\"elementor-tab-content-1264\" class=\"elementor-tab-content elementor-clearfix\" data-tab=\"4\" role=\"tabpanel\" aria-labelledby=\"elementor-tab-title-1264\" tabindex=\"0\" hidden=\"hidden\"><p>Le Conseil Constitutionnel est l&rsquo;une des institutions nouvelles cr\u00e9\u00e9es par la loi N\u00b0 96\/06 du 18 janvier 1996 portant r\u00e9vision de la constitution du 2 juin 1972 (modifi\u00e9e par loi N\u00b02008\/001 du 14 avril 2008).<\/p><p>En son article 46, la Constitution le d\u00e9finit comme l&rsquo;instance comp\u00e9tente en mati\u00e8re constitutionnelle. Il statue sur la constitutionnalit\u00e9 des lois. Il est l&rsquo;organe r\u00e9gulateur du fonctionnement des institutions. Il statue souverainement dans ses domaines de comp\u00e9tence qui portent entre autres sur les points suivants:<\/p><ul><li>La constitutionnalit\u00e9 des lois, des trait\u00e9s et accords internationaux;<\/li><li>Les r\u00e8glements int\u00e9rieurs de l&rsquo;Assembl\u00e9e nationale et du S\u00e9nat;<\/li><li>Les conflits d&rsquo;attributions entre les institutions de l&rsquo;Etat; entre l&rsquo;Etat et les r\u00e9gions; entre les r\u00e9gions.<\/li><\/ul><p>L&rsquo;article 48 stipule que le Conseil Constitutionnel veille \u00e0 la r\u00e9gularit\u00e9 de l&rsquo;\u00e9lection pr\u00e9sidentielle, des \u00e9lections parlementaires ainsi que des consultations r\u00e9f\u00e9rendaires. Le Conseil Constitutionnel proclame les r\u00e9sultats de ses consultations.<\/p><p>L&rsquo;article 51 stipule quant \u00e0 lui que le Conseil constitutionnel est compos\u00e9 de onze (11) membres d\u00e9sign\u00e9s pour un mandat de six (6) ans \u00e9ventuellement renouvelable. Ces membres, nomm\u00e9s par le Pr\u00e9sident de la R\u00e9publique sont d\u00e9sign\u00e9s de la mani\u00e8re suivante :<\/p><ul><li>Trois dont le Pr\u00e9sident du Conseil par le Pr\u00e9sident de la R\u00e9publique;<\/li><li>Trois par le Pr\u00e9sident de l&rsquo;Assembl\u00e9e nationale apr\u00e8s avis du bureau;<\/li><li>Trois par le Pr\u00e9sident du S\u00e9nat apr\u00e8s avis du bureau;<\/li><li>Deux par le Conseil sup\u00e9rieur de la Magistrature.<\/li><\/ul><\/div>\n\t\t\t\t\t\t\t\t\t<div class=\"elementor-tab-title elementor-tab-mobile-title\" aria-selected=\"false\" data-tab=\"5\" role=\"tab\" tabindex=\"-1\" aria-controls=\"elementor-tab-content-1265\" aria-expanded=\"false\">Le Conseil Economique et Social<\/div>\n\t\t\t\t\t<div id=\"elementor-tab-content-1265\" class=\"elementor-tab-content elementor-clearfix\" data-tab=\"5\" role=\"tabpanel\" aria-labelledby=\"elementor-tab-title-1265\" tabindex=\"0\" hidden=\"hidden\"><p>Cr\u00e9\u00e9 par la Constitution (Article 54), le Conseil Economique et Social est r\u00e9gi par la loi N\u00b0 86\/009 du 5 juillet 1986.<\/p><p>Il est saisi par le Pr\u00e9sident de la R\u00e9publique des demandes d&rsquo;\u00e9tudes ou d&rsquo;avis.<\/p><p>Cette saisine est obligatoire pour avis des projets de loi de programme, ou de plan &lsquo;\u00e0 caract\u00e8re \u00e9conomique, Le Conseil Economique et Social se compose de 150 membres nomm\u00e9s par d\u00e9cret pr\u00e9sidentiel.<\/p><p>Depuis 1986, avec l&rsquo;abandon des plans quinquennaux et la mise en \u0153uvre des plans d&rsquo;ajustement structurel, le Conseil \u00e9conomique et social n&rsquo;a plus \u00e9t\u00e9 saisi.<\/p><\/div>\n\t\t\t\t\t\t\t<\/div>\n\t\t<\/div>\n\t\t\t\t\t\t<\/div>\n\t\t\t\t<\/div>\n\t\t\t\t\t<\/div>\n\t\t<\/div>\n\t\t\t\t\t<\/div>\n\t\t<\/section>\n\t\t\t\t<\/div>\n\t\t","protected":false},"excerpt":{"rendered":"<p>LES INSTITUTIONS Le Pr\u00e9sident de la R\u00e9publique Le Parlement Le Premier Ministre et le Gouvernement Le Conseil Constitutionnel Le Conseil<\/p>\n","protected":false},"author":1,"featured_media":0,"parent":0,"menu_order":0,"comment_status":"closed","ping_status":"closed","template":"","meta":{"footnotes":""},"class_list":["post-2328","page","type-page","status-publish","hentry"],"_links":{"self":[{"href":"https:\/\/www.ambacam.de\/fr\/wp-json\/wp\/v2\/pages\/2328","targetHints":{"allow":["GET"]}}],"collection":[{"href":"https:\/\/www.ambacam.de\/fr\/wp-json\/wp\/v2\/pages"}],"about":[{"href":"https:\/\/www.ambacam.de\/fr\/wp-json\/wp\/v2\/types\/page"}],"author":[{"embeddable":true,"href":"https:\/\/www.ambacam.de\/fr\/wp-json\/wp\/v2\/users\/1"}],"replies":[{"embeddable":true,"href":"https:\/\/www.ambacam.de\/fr\/wp-json\/wp\/v2\/comments?post=2328"}],"version-history":[{"count":43,"href":"https:\/\/www.ambacam.de\/fr\/wp-json\/wp\/v2\/pages\/2328\/revisions"}],"predecessor-version":[{"id":3331,"href":"https:\/\/www.ambacam.de\/fr\/wp-json\/wp\/v2\/pages\/2328\/revisions\/3331"}],"wp:attachment":[{"href":"https:\/\/www.ambacam.de\/fr\/wp-json\/wp\/v2\/media?parent=2328"}],"curies":[{"name":"wp","href":"https:\/\/api.w.org\/{rel}","templated":true}]}}